{"id":8,"date":"2012-11-07T09:05:42","date_gmt":"2012-11-07T08:05:42","guid":{"rendered":"http:\/\/krzys.zielonka.pl\/?page_id=8"},"modified":"2024-03-17T15:09:43","modified_gmt":"2024-03-17T14:09:43","slug":"galeria","status":"publish","type":"page","link":"https:\/\/krzys.zielonka.pl\/?page_id=8","title":{"rendered":"Galeria, filmy"},"content":{"rendered":"<p><strong>17.03.2024 r. Urz\u0105d Miasta w Zielonce (ul. Lipowa 5)<br \/>\n<iframe loading=\"lazy\" src=\"https:\/\/www.facebook.com\/plugins\/post.php?href=https%3A%2F%2Fwww.facebook.com%2Fpermalink.php%3Fstory_fbid%3Dpfbid027KwZyELqucSTFqD1gKKT8pPWpWHNazVsEymxNLk42vxYZmpyEZBHCvqsuVW1irBel%26id%3D100083368719628&#038;show_text=true&#038;width=500\" width=\"500\" height=\"793\" style=\"border:none;overflow:hidden\" scrolling=\"no\" frameborder=\"0\" allowfullscreen=\"true\" allow=\"autoplay; clipboard-write; encrypted-media; picture-in-picture; web-share\"><\/iframe><br \/>\n<\/strong><\/p>\n<p><strong>07.01.2024 r. Szko\u0142a Podstawowa nr 2 (ul. Powsta\u0144c\u00f3w 3)<br \/>\n<iframe loading=\"lazy\" style=\"border: none; overflow: hidden;\" src=\"https:\/\/www.facebook.com\/plugins\/post.php?href=https%3A%2F%2Fwww.facebook.com%2FKHDKZielonka%2Fposts%2Fpfbid0rKApqizUn93CFFQwUPTEE2G3exNhrNfsf1gXE3cha5CSEi1x4H31sSQj9YDX9Erql&amp;show_text=true&amp;width=500\" width=\"500\" height=\"698\" frameborder=\"0\" scrolling=\"no\" allowfullscreen=\"allowfullscreen\"><\/iframe><\/strong><\/p>\n<p>&nbsp;<\/p>\n<p><img loading=\"lazy\" decoding=\"async\" class=\"aligncenter size-medium wp-image-3236\" src=\"http:\/\/wp-content\/uploads\/wordpress\/KHDK_Krzys06.11a-1-300x225.jpg\" alt=\"\" width=\"300\" height=\"225\" srcset=\"wp-content\/uploads\/wordpress\/KHDK_Krzys06.11a-1-300x225.jpg 300w, wp-content\/uploads\/wordpress\/KHDK_Krzys06.11a-1-1024x768.jpg 1024w, wp-content\/uploads\/wordpress\/KHDK_Krzys06.11a-1-768x576.jpg 768w, wp-content\/uploads\/wordpress\/KHDK_Krzys06.11a-1-1536x1152.jpg 1536w, wp-content\/uploads\/wordpress\/KHDK_Krzys06.11a-1-2048x1536.jpg 2048w, wp-content\/uploads\/wordpress\/KHDK_Krzys06.11a-1-150x113.jpg 150w, wp-content\/uploads\/wordpress\/KHDK_Krzys06.11a-1-200x150.jpg 200w\" sizes=\"auto, (max-width: 300px) 100vw, 300px\" \/> <img loading=\"lazy\" decoding=\"async\" class=\"aligncenter size-medium wp-image-3237\" src=\"http:\/\/wp-content\/uploads\/wordpress\/KHDK_Krzys06.11b-1-300x225.jpg\" alt=\"\" width=\"300\" height=\"225\" srcset=\"wp-content\/uploads\/wordpress\/KHDK_Krzys06.11b-1-300x225.jpg 300w, wp-content\/uploads\/wordpress\/KHDK_Krzys06.11b-1-150x112.jpg 150w, wp-content\/uploads\/wordpress\/KHDK_Krzys06.11b-1-200x150.jpg 200w, wp-content\/uploads\/wordpress\/KHDK_Krzys06.11b-1.jpg 591w\" sizes=\"auto, (max-width: 300px) 100vw, 300px\" \/><\/p>\n<p><span style=\"text-decoration: underline;\"><span style=\"color: #000000; text-decoration: underline;\">Czerwiec 2017 &#8211; Gor\u0105ce krwiobranie dla Weroniki. Autorzy zdj\u0119\u0107: Agnieszka i Robert Bu\u0142hak<strong><br \/>\n<\/strong><\/span><\/span><br \/>\n<iframe loading=\"lazy\" style=\"border: none; overflow: hidden;\" src=\"https:\/\/www.facebook.com\/plugins\/post.php?href=https%3A%2F%2Fwww.facebook.com%2Fmedia%2Fset%2F%3Fset%3Da.1918875455058021.1073741834.1406585656287006%26type%3D3&amp;width=500\" width=\"500\" height=\"645\" frameborder=\"0\" scrolling=\"no\"><\/iframe><br \/>\n<span style=\"text-decoration: underline;\">Grudzie\u0144 2016 &#8211; Miko\u0142ajkowa akcja krwiodawstwa. Autor zdj\u0119\u0107: p. Mariusz Bojkiewicz<strong><br \/>\n<\/strong><\/span>ngg_shortcode_0_placeholder<\/p>\n<p><span style=\"text-decoration: underline;\">Czerwiec 2016 &#8211; Dzie\u0144 Dla \u017bycia: #m\u00f3jpierwszyraz. Autorzy zdj\u0119\u0107: Agnieszka i Robert Bu\u0142hak<strong><br \/>\n<\/strong><\/span>ngg_shortcode_1_placeholder<\/p>\n<p><span style=\"text-decoration: underline;\">Lipiec 2014 \u2013 Wakacyjna Akcja Krwiodawstwa. Autor filmu: p. Piotr Wyszy\u0144ski<strong><br \/>\n<iframe loading=\"lazy\" src=\"\/\/www.youtube.com\/embed\/RBtogETycic?list=UUOgYQdKr9ptxiFq1OCdjjmw\" width=\"560\" height=\"315\" frameborder=\"0\"><\/iframe><\/strong><\/span><\/p>\n<p><span style=\"text-decoration: underline;\">Listopad 2013. Autor filmu: p. Piotr Wyszy\u0144ski<\/span><br \/>\n<iframe loading=\"lazy\" src=\"\/\/www.youtube.com\/embed\/hC5-Y3E8Ca8?rel=0\" width=\"560\" height=\"315\" frameborder=\"0\"><\/iframe><br \/>\n<span style=\"text-decoration: underline;\">Maj 2013. Autorzy zdj\u0119\u0107: Agnieszka i Robert Bu\u0142hak<\/span><\/p>\n\n\t\t<style type=\"text\/css\">\n\t\t\t#gallery-1 {\n\t\t\t\tmargin: auto;\n\t\t\t}\n\t\t\t#gallery-1 .gallery-item {\n\t\t\t\tfloat: left;\n\t\t\t\tmargin-top: 10px;\n\t\t\t\ttext-align: center;\n\t\t\t\twidth: 33%;\n\t\t\t}\n\t\t\t#gallery-1 img {\n\t\t\t\tborder: 2px solid #cfcfcf;\n\t\t\t}\n\t\t\t#gallery-1 .gallery-caption {\n\t\t\t\tmargin-left: 0;\n\t\t\t}\n\t\t\t\/* see gallery_shortcode() in wp-includes\/media.php *\/\n\t\t<\/style>\n\t\t<div id='gallery-1' class='gallery galleryid-8 gallery-columns-3 gallery-size-thumbnail'><dl class='gallery-item'>\n\t\t\t<dt class='gallery-icon landscape'>\n\t\t\t\t<a href='https:\/\/krzys.zielonka.pl\/?attachment_id=925'><img loading=\"lazy\" decoding=\"async\" width=\"150\" height=\"150\" src=\"wp-content\/uploads\/wordpress\/2012\/11\/image001-150x150.jpg\" class=\"attachment-thumbnail size-thumbnail\" alt=\"\" \/><\/a>\n\t\t\t<\/dt><\/dl><dl class='gallery-item'>\n\t\t\t<dt class='gallery-icon landscape'>\n\t\t\t\t<a href='https:\/\/krzys.zielonka.pl\/?attachment_id=926'><img loading=\"lazy\" decoding=\"async\" width=\"150\" height=\"150\" src=\"wp-content\/uploads\/wordpress\/2012\/11\/image002-150x150.jpg\" class=\"attachment-thumbnail size-thumbnail\" alt=\"\" \/><\/a>\n\t\t\t<\/dt><\/dl><dl class='gallery-item'>\n\t\t\t<dt class='gallery-icon landscape'>\n\t\t\t\t<a href='https:\/\/krzys.zielonka.pl\/?attachment_id=927'><img loading=\"lazy\" decoding=\"async\" width=\"150\" height=\"150\" src=\"wp-content\/uploads\/wordpress\/2012\/11\/image003-150x150.jpg\" class=\"attachment-thumbnail size-thumbnail\" alt=\"\" \/><\/a>\n\t\t\t<\/dt><\/dl><br style=\"clear: both\" \/><dl class='gallery-item'>\n\t\t\t<dt class='gallery-icon landscape'>\n\t\t\t\t<a href='https:\/\/krzys.zielonka.pl\/?attachment_id=928'><img loading=\"lazy\" decoding=\"async\" width=\"150\" height=\"150\" src=\"wp-content\/uploads\/wordpress\/2012\/11\/image004-150x150.jpg\" class=\"attachment-thumbnail size-thumbnail\" alt=\"\" \/><\/a>\n\t\t\t<\/dt><\/dl><dl class='gallery-item'>\n\t\t\t<dt class='gallery-icon landscape'>\n\t\t\t\t<a href='https:\/\/krzys.zielonka.pl\/?attachment_id=929'><img loading=\"lazy\" decoding=\"async\" width=\"150\" height=\"150\" src=\"wp-content\/uploads\/wordpress\/2012\/11\/image005-150x150.jpg\" class=\"attachment-thumbnail size-thumbnail\" alt=\"\" \/><\/a>\n\t\t\t<\/dt><\/dl><dl class='gallery-item'>\n\t\t\t<dt class='gallery-icon landscape'>\n\t\t\t\t<a href='https:\/\/krzys.zielonka.pl\/?attachment_id=930'><img loading=\"lazy\" decoding=\"async\" width=\"150\" height=\"150\" src=\"wp-content\/uploads\/wordpress\/2012\/11\/image006-150x150.jpg\" class=\"attachment-thumbnail size-thumbnail\" alt=\"\" \/><\/a>\n\t\t\t<\/dt><\/dl><br style=\"clear: both\" \/><dl class='gallery-item'>\n\t\t\t<dt class='gallery-icon landscape'>\n\t\t\t\t<a href='https:\/\/krzys.zielonka.pl\/?attachment_id=931'><img loading=\"lazy\" decoding=\"async\" width=\"150\" height=\"150\" src=\"wp-content\/uploads\/wordpress\/2012\/11\/image007-150x150.jpg\" class=\"attachment-thumbnail size-thumbnail\" alt=\"\" \/><\/a>\n\t\t\t<\/dt><\/dl><dl class='gallery-item'>\n\t\t\t<dt class='gallery-icon landscape'>\n\t\t\t\t<a href='https:\/\/krzys.zielonka.pl\/?attachment_id=932'><img loading=\"lazy\" decoding=\"async\" width=\"150\" height=\"150\" src=\"wp-content\/uploads\/wordpress\/2012\/11\/image008-150x150.jpg\" class=\"attachment-thumbnail size-thumbnail\" alt=\"\" \/><\/a>\n\t\t\t<\/dt><\/dl><dl class='gallery-item'>\n\t\t\t<dt class='gallery-icon landscape'>\n\t\t\t\t<a href='https:\/\/krzys.zielonka.pl\/?attachment_id=933'><img loading=\"lazy\" decoding=\"async\" width=\"150\" height=\"150\" src=\"wp-content\/uploads\/wordpress\/2012\/11\/image009-150x150.jpg\" class=\"attachment-thumbnail size-thumbnail\" alt=\"\" \/><\/a>\n\t\t\t<\/dt><\/dl><br style=\"clear: both\" \/><dl class='gallery-item'>\n\t\t\t<dt class='gallery-icon landscape'>\n\t\t\t\t<a href='https:\/\/krzys.zielonka.pl\/?attachment_id=934'><img loading=\"lazy\" decoding=\"async\" width=\"150\" height=\"150\" src=\"wp-content\/uploads\/wordpress\/2012\/11\/image010-150x150.jpg\" class=\"attachment-thumbnail size-thumbnail\" alt=\"\" \/><\/a>\n\t\t\t<\/dt><\/dl><dl class='gallery-item'>\n\t\t\t<dt class='gallery-icon landscape'>\n\t\t\t\t<a href='https:\/\/krzys.zielonka.pl\/?attachment_id=935'><img loading=\"lazy\" decoding=\"async\" width=\"150\" height=\"150\" src=\"wp-content\/uploads\/wordpress\/2012\/11\/image011-150x150.jpg\" class=\"attachment-thumbnail size-thumbnail\" alt=\"\" \/><\/a>\n\t\t\t<\/dt><\/dl><dl class='gallery-item'>\n\t\t\t<dt class='gallery-icon landscape'>\n\t\t\t\t<a href='https:\/\/krzys.zielonka.pl\/?attachment_id=936'><img loading=\"lazy\" decoding=\"async\" width=\"150\" height=\"150\" src=\"wp-content\/uploads\/wordpress\/2012\/11\/image012-150x150.jpg\" class=\"attachment-thumbnail size-thumbnail\" alt=\"\" \/><\/a>\n\t\t\t<\/dt><\/dl><br style=\"clear: both\" \/><dl class='gallery-item'>\n\t\t\t<dt class='gallery-icon landscape'>\n\t\t\t\t<a href='https:\/\/krzys.zielonka.pl\/?attachment_id=937'><img loading=\"lazy\" decoding=\"async\" width=\"150\" height=\"150\" src=\"wp-content\/uploads\/wordpress\/2012\/11\/image013-150x150.jpg\" class=\"attachment-thumbnail size-thumbnail\" alt=\"\" \/><\/a>\n\t\t\t<\/dt><\/dl><dl class='gallery-item'>\n\t\t\t<dt class='gallery-icon landscape'>\n\t\t\t\t<a href='https:\/\/krzys.zielonka.pl\/?attachment_id=938'><img loading=\"lazy\" decoding=\"async\" width=\"150\" height=\"150\" src=\"wp-content\/uploads\/wordpress\/2012\/11\/image014-150x150.jpg\" class=\"attachment-thumbnail size-thumbnail\" alt=\"\" \/><\/a>\n\t\t\t<\/dt><\/dl><dl class='gallery-item'>\n\t\t\t<dt class='gallery-icon landscape'>\n\t\t\t\t<a href='https:\/\/krzys.zielonka.pl\/?attachment_id=3236'><img loading=\"lazy\" decoding=\"async\" width=\"150\" height=\"150\" src=\"wp-content\/uploads\/wordpress\/KHDK_Krzys06.11a-1-150x150.jpg\" class=\"attachment-thumbnail size-thumbnail\" alt=\"\" \/><\/a>\n\t\t\t<\/dt><\/dl><br style=\"clear: both\" \/><dl class='gallery-item'>\n\t\t\t<dt class='gallery-icon landscape'>\n\t\t\t\t<a href='https:\/\/krzys.zielonka.pl\/?attachment_id=3237'><img loading=\"lazy\" decoding=\"async\" width=\"150\" height=\"150\" src=\"wp-content\/uploads\/wordpress\/KHDK_Krzys06.11b-1-150x150.jpg\" class=\"attachment-thumbnail size-thumbnail\" alt=\"\" \/><\/a>\n\t\t\t<\/dt><\/dl>\n\t\t\t<br style='clear: both' \/>\n\t\t<\/div>\n\n<p><span style=\"text-decoration: underline;\">Marzec 2013. Autor filmu: p. Piotr Wyszy\u0144ski<strong><br \/>\n<\/strong><\/span><iframe loading=\"lazy\" src=\"http:\/\/www.youtube.com\/embed\/yN-Zukv7qY0?rel=0\" width=\"480\" height=\"360\" frameborder=\"0\"><\/iframe><br \/>\n<span style=\"text-decoration: underline;\">Stycze\u0144 2013. Autor filmu: p. Piotr Wyszy\u0144ski<strong><br \/>\n<\/strong><\/span><iframe loading=\"lazy\" src=\"http:\/\/www.youtube.com\/embed\/Ztm0XfrR1kw?rel=0\" width=\"480\" height=\"360\" frameborder=\"0\"><\/iframe><\/p>\n<p><span style=\"text-decoration: underline;\">Wrzesie\u0144 2011. Autor filmu: p. Piotr Wyszy\u0144ski<\/span><br \/>\n<iframe loading=\"lazy\" src=\"http:\/\/www.youtube.com\/embed\/7JJqkZcyL5I?rel=0\" width=\"480\" height=\"360\" frameborder=\"0\"><\/iframe><\/p>\n<p><span style=\"text-decoration: underline;\">Wrzesie\u0144 2010. Autor filmu: p. Piotr Wyszy\u0144ski<\/span><br \/>\n<iframe loading=\"lazy\" src=\"http:\/\/www.youtube.com\/embed\/xWiWXy2UwFk?rel=0\" width=\"480\" height=\"360\" frameborder=\"0\"><\/iframe><\/p>\n<p><span style=\"text-decoration: underline;\">Marzec 2010. Zdj\u0119cia: p. Mariusz Bojkiewicz<\/span><br \/>\n<iframe loading=\"lazy\" src=\"http:\/\/www.youtube.com\/embed\/R28K6Yg3iJg?rel=0\" width=\"480\" height=\"360\" frameborder=\"0\"><\/iframe><\/p>\n","protected":false},"excerpt":{"rendered":"<p>17.03.2024 r. Urz\u0105d Miasta w Zielonce (ul. Lipowa 5) 07.01.2024 r. Szko\u0142a Podstawowa nr 2 (ul. Powsta\u0144c\u00f3w 3) &nbsp; Czerwiec 2017 &#8211; Gor\u0105ce krwiobranie dla Weroniki. Autorzy zdj\u0119\u0107: Agnieszka i Robert Bu\u0142hak Grudzie\u0144 2016 &#8211; Miko\u0142ajkowa akcja krwiodawstwa. Autor zdj\u0119\u0107: p. Mariusz Bojkiewicz Czerwiec 2016 &#8211; Dzie\u0144 Dla \u017bycia: #m\u00f3jpierwszyraz. \u2026 <a class=\"continue-reading-link\" href=\"https:\/\/krzys.zielonka.pl\/?page_id=8\"> Continue reading <span class=\"meta-nav\">&rarr; <\/span><\/a><\/p>\n","protected":false},"author":1,"featured_media":0,"parent":0,"menu_order":0,"comment_status":"closed","ping_status":"closed","template":"","meta":{"ngg_post_thumbnail":0,"footnotes":""},"class_list":["post-8","page","type-page","status-publish","hentry"],"_links":{"self":[{"href":"https:\/\/krzys.zielonka.pl\/index.php?rest_route=\/wp\/v2\/pages\/8","targetHints":{"allow":["GET"]}}],"collection":[{"href":"https:\/\/krzys.zielonka.pl\/index.php?rest_route=\/wp\/v2\/pages"}],"about":[{"href":"https:\/\/krzys.zielonka.pl\/index.php?rest_route=\/wp\/v2\/types\/page"}],"author":[{"embeddable":true,"href":"https:\/\/krzys.zielonka.pl\/index.php?rest_route=\/wp\/v2\/users\/1"}],"replies":[{"embeddable":true,"href":"https:\/\/krzys.zielonka.pl\/index.php?rest_route=%2Fwp%2Fv2%2Fcomments&post=8"}],"version-history":[{"count":57,"href":"https:\/\/krzys.zielonka.pl\/index.php?rest_route=\/wp\/v2\/pages\/8\/revisions"}],"predecessor-version":[{"id":3756,"href":"https:\/\/krzys.zielonka.pl\/index.php?rest_route=\/wp\/v2\/pages\/8\/revisions\/3756"}],"wp:attachment":[{"href":"https:\/\/krzys.zielonka.pl\/index.php?rest_route=%2Fwp%2Fv2%2Fmedia&parent=8"}],"curies":[{"name":"wp","href":"https:\/\/api.w.org\/{rel}","templated":true}]}}